{"id":8049,"date":"2023-12-19T12:17:38","date_gmt":"2023-12-19T12:17:38","guid":{"rendered":"https:\/\/basetryp.tryplisboacaparica.com\/lisboa-caparica\/"},"modified":"2024-08-21T18:28:53","modified_gmt":"2024-08-21T17:28:53","slug":"porto","status":"publish","type":"page","link":"https:\/\/www.hoteldamusica.com\/fr\/porto\/","title":{"rendered":"Porto"},"content":{"rendered":"\t\t<div data-elementor-type=\"wp-page\" data-elementor-id=\"8049\" class=\"elementor elementor-8049 elementor-1997\" data-elementor-post-type=\"page\">\n\t\t\t\t<section class=\"elementor-element elementor-element-9d18320 e-con-full e-flex e-con e-parent\" data-id=\"9d18320\" data-element_type=\"container\" data-settings=\"{&quot;background_background&quot;:&quot;classic&quot;}\">\n\t\t<div class=\"elementor-element elementor-element-edc3c07 e-con-full e-flex e-con e-child\" data-id=\"edc3c07\" data-element_type=\"container\">\n\t\t\t\t<div class=\"elementor-element elementor-element-14f695f elementor-widget elementor-widget-heading\" data-id=\"14f695f\" data-element_type=\"widget\" data-widget_type=\"heading.default\">\n\t\t\t\t<div class=\"elementor-widget-container\">\n\t\t\t\t\t<h1 class=\"elementor-heading-title elementor-size-default\">Porto<\/h1>\t\t\t\t<\/div>\n\t\t\t\t<\/div>\n\t\t\t\t<\/div>\n\t\t\t\t<\/section>\n\t\t<section class=\"elementor-element elementor-element-8e7a29a e-con-full e-flex e-con e-parent\" data-id=\"8e7a29a\" data-element_type=\"container\">\n\t\t\t\t<div class=\"elementor-element elementor-element-5428f0b elementor-widget elementor-widget-text-editor\" data-id=\"5428f0b\" data-element_type=\"widget\" data-widget_type=\"text-editor.default\">\n\t\t\t\t<div class=\"elementor-widget-container\">\n\t\t\t\t\t\t\t\t\t<div class=\"ewa-rteLine\"><div class=\"ewa-rteLine\">Porto, ville majestueuse situ\u00e9e sur les rives du fleuve Douro, enchante par son histoire et sa culture vibrante. Explorez les rues \u00e9troites qui r\u00e9v\u00e8lent des tr\u00e9sors architecturaux tels que l&#8217;embl\u00e9matique pont Dom Lu\u00eds I et l&#8217;imposante S\u00e9 do Porto. Fl\u00e2nez dans des quartiers pittoresques tels que Ribeira, avec ses maisons color\u00e9es et ses bars anim\u00e9s. Savourez la cuisine locale dans les tavernes traditionnelles et go\u00fbtez les c\u00e9l\u00e8bres vins de Porto dans les caves situ\u00e9es au bord du fleuve. Profitez des vues \u00e0 couper le souffle de cette ville et laissez-vous envelopper par l&#8217;atmosph\u00e8re chaleureuse qui captive tous les visiteurs.<\/div><\/div>\t\t\t\t\t\t\t\t<\/div>\n\t\t\t\t<\/div>\n\t\t\t\t<\/section>\n\t\t<div class=\"elementor-element elementor-element-484e8bf e-con-full e-flex e-con e-parent\" data-id=\"484e8bf\" data-element_type=\"container\">\n\t\t\t\t<div class=\"elementor-element elementor-element-5b88a1e elementor-widget elementor-widget-heading\" data-id=\"5b88a1e\" data-element_type=\"widget\" data-widget_type=\"heading.default\">\n\t\t\t\t<div class=\"elementor-widget-container\">\n\t\t\t\t\t<h5 class=\"elementor-heading-title elementor-size-default\">Galerie d'images<\/h5>\t\t\t\t<\/div>\n\t\t\t\t<\/div>\n\t\t\t\t<div class=\"elementor-element elementor-element-33fcce4 elementor-skin-carousel elementor-arrows-yes elementor-pagination-type-bullets elementor-pagination-position-outside elementor-widget elementor-widget-hoti-gallery-slider\" data-id=\"33fcce4\" data-element_type=\"widget\" data-settings=\"{&quot;slides_per_view&quot;:&quot;3&quot;,&quot;skin&quot;:&quot;carousel&quot;,&quot;effect&quot;:&quot;slide&quot;,&quot;show_arrows&quot;:&quot;yes&quot;,&quot;pagination&quot;:&quot;bullets&quot;,&quot;speed&quot;:500,&quot;autoplay&quot;:&quot;yes&quot;,&quot;autoplay_speed&quot;:5000,&quot;pause_on_hover&quot;:&quot;yes&quot;,&quot;pause_on_interaction&quot;:&quot;yes&quot;,&quot;space_between&quot;:{&quot;unit&quot;:&quot;px&quot;,&quot;size&quot;:10,&quot;sizes&quot;:[]},&quot;space_between_tablet_extra&quot;:{&quot;unit&quot;:&quot;px&quot;,&quot;size&quot;:10,&quot;sizes&quot;:[]},&quot;space_between_tablet&quot;:{&quot;unit&quot;:&quot;px&quot;,&quot;size&quot;:10,&quot;sizes&quot;:[]},&quot;space_between_mobile_extra&quot;:{&quot;unit&quot;:&quot;px&quot;,&quot;size&quot;:10,&quot;sizes&quot;:[]},&quot;space_between_mobile&quot;:{&quot;unit&quot;:&quot;px&quot;,&quot;size&quot;:10,&quot;sizes&quot;:[]}}\" data-widget_type=\"hoti-gallery-slider.default\">\n\t\t\t\t<div class=\"elementor-widget-container\">\n\t\t\t\t\t\t\t\t\t<div class=\"elementor-swiper\">\n\t\t\t\t\t<div class=\"elementor-main-swiper swiper\" role=\"region\" aria-roledescription=\"carousel\" aria-label=\"Diapositives\">\n\t\t\t\t<div class=\"swiper-wrapper\">\n\t\t\t\t\t\t\t\t\t\t\t<div class=\"swiper-slide\" role=\"group\" aria-roledescription=\"slide\">\n\t\t\t\t\t\t\t\t\t<div class=\"elementor-carousel-image landscape\" role=\"img\" aria-label=\"Tryp_Porto_Centro_Oporto_1\" style=\"background-image: url(&#039;https:\/\/www.hoteldamusica.com\/wp-content\/uploads\/sites\/28\/2023\/11\/Tryp_Porto_Centro_Oporto_1.jpg&#039;)\">\r\n\r\n\t\t\t\r\n\t\t\t\t\t<\/div>\r\n\t\t\t\t\t\t\t\t<\/div>\n\t\t\t\t\t\t\t\t\t\t\t<div class=\"swiper-slide\" role=\"group\" aria-roledescription=\"slide\">\n\t\t\t\t\t\t\t\t\t<div class=\"elementor-carousel-image portrait\" role=\"img\" aria-label=\"Tryp_Porto_Centro_Oporto_2\" style=\"background-image: url(&#039;https:\/\/www.hoteldamusica.com\/wp-content\/uploads\/sites\/28\/2023\/11\/Tryp_Porto_Centro_Oporto_2.jpg&#039;)\">\r\n\r\n\t\t\t\r\n\t\t\t\t\t<\/div>\r\n\t\t\t\t\t\t\t\t<\/div>\n\t\t\t\t\t\t\t\t\t\t\t<div class=\"swiper-slide\" role=\"group\" aria-roledescription=\"slide\">\n\t\t\t\t\t\t\t\t\t<div class=\"elementor-carousel-image landscape\" role=\"img\" aria-label=\"Tryp_Porto_Centro_Oporto_3\" style=\"background-image: url(&#039;https:\/\/www.hoteldamusica.com\/wp-content\/uploads\/sites\/28\/2023\/11\/Tryp_Porto_Centro_Oporto_3.jpg&#039;)\">\r\n\r\n\t\t\t\r\n\t\t\t\t\t<\/div>\r\n\t\t\t\t\t\t\t\t<\/div>\n\t\t\t\t\t\t\t\t\t\t\t<div class=\"swiper-slide\" role=\"group\" aria-roledescription=\"slide\">\n\t\t\t\t\t\t\t\t\t<div class=\"elementor-carousel-image portrait\" role=\"img\" aria-label=\"Tryp_Porto_Centro_Oporto_4\" style=\"background-image: url(&#039;https:\/\/www.hoteldamusica.com\/wp-content\/uploads\/sites\/28\/2023\/11\/Tryp_Porto_Centro_Oporto_4.jpg&#039;)\">\r\n\r\n\t\t\t\r\n\t\t\t\t\t<\/div>\r\n\t\t\t\t\t\t\t\t<\/div>\n\t\t\t\t\t\t\t\t\t\t\t<div class=\"swiper-slide\" role=\"group\" aria-roledescription=\"slide\">\n\t\t\t\t\t\t\t\t\t<div class=\"elementor-carousel-image landscape\" role=\"img\" aria-label=\"Tryp_Porto_Centro_Oporto_5\" style=\"background-image: url(&#039;https:\/\/www.hoteldamusica.com\/wp-content\/uploads\/sites\/28\/2023\/11\/Tryp_Porto_Centro_Oporto_5.jpg&#039;)\">\r\n\r\n\t\t\t\r\n\t\t\t\t\t<\/div>\r\n\t\t\t\t\t\t\t\t<\/div>\n\t\t\t\t\t\t\t\t\t\t\t<div class=\"swiper-slide\" role=\"group\" aria-roledescription=\"slide\">\n\t\t\t\t\t\t\t\t\t<div class=\"elementor-carousel-image landscape\" role=\"img\" aria-label=\"Tryp_Porto_Centro_Oporto_6\" style=\"background-image: url(&#039;https:\/\/www.hoteldamusica.com\/wp-content\/uploads\/sites\/28\/2023\/11\/Tryp_Porto_Centro_Oporto_6.jpg&#039;)\">\r\n\r\n\t\t\t\r\n\t\t\t\t\t<\/div>\r\n\t\t\t\t\t\t\t\t<\/div>\n\t\t\t\t\t\t\t\t\t\t\t<div class=\"swiper-slide\" role=\"group\" aria-roledescription=\"slide\">\n\t\t\t\t\t\t\t\t\t<div class=\"elementor-carousel-image portrait\" role=\"img\" aria-label=\"Tryp_Porto_Centro_Entertenimento\" style=\"background-image: url(&#039;https:\/\/www.hoteldamusica.com\/wp-content\/uploads\/sites\/28\/2024\/07\/Tryp_Porto_Centro_Entertenimento-1.jpg&#039;)\">\r\n\r\n\t\t\t\r\n\t\t\t\t\t<\/div>\r\n\t\t\t\t\t\t\t\t<\/div>\n\t\t\t\t\t\t\t\t\t\t\t<div class=\"swiper-slide\" role=\"group\" aria-roledescription=\"slide\">\n\t\t\t\t\t\t\t\t\t<div class=\"elementor-carousel-image landscape\" role=\"img\" aria-label=\"Tryp_Porto_Centro_Oporto_8\" style=\"background-image: url(&#039;https:\/\/www.hoteldamusica.com\/wp-content\/uploads\/sites\/28\/2023\/11\/Tryp_Porto_Centro_Oporto_8.jpg&#039;)\">\r\n\r\n\t\t\t\r\n\t\t\t\t\t<\/div>\r\n\t\t\t\t\t\t\t\t<\/div>\n\t\t\t\t\t\t\t\t\t\t\t<div class=\"swiper-slide\" role=\"group\" aria-roledescription=\"slide\">\n\t\t\t\t\t\t\t\t\t<div class=\"elementor-carousel-image portrait\" role=\"img\" aria-label=\"Tryp_Porto_Centro_Oporto_9\" style=\"background-image: url(&#039;https:\/\/www.hoteldamusica.com\/wp-content\/uploads\/sites\/28\/2023\/11\/Tryp_Porto_Centro_Oporto_9.jpg&#039;)\">\r\n\r\n\t\t\t\r\n\t\t\t\t\t<\/div>\r\n\t\t\t\t\t\t\t\t<\/div>\n\t\t\t\t\t\t\t\t\t\t\t<div class=\"swiper-slide\" role=\"group\" aria-roledescription=\"slide\">\n\t\t\t\t\t\t\t\t\t<div class=\"elementor-carousel-image landscape\" role=\"img\" aria-label=\"Tryp_Porto_Centro_Oporto_11\" style=\"background-image: url(&#039;https:\/\/www.hoteldamusica.com\/wp-content\/uploads\/sites\/28\/2023\/11\/Tryp_Porto_Centro_Oporto_11.jpg&#039;)\">\r\n\r\n\t\t\t\r\n\t\t\t\t\t<\/div>\r\n\t\t\t\t\t\t\t\t<\/div>\n\t\t\t\t\t\t\t\t\t\t\t<div class=\"swiper-slide\" role=\"group\" aria-roledescription=\"slide\">\n\t\t\t\t\t\t\t\t\t<div class=\"elementor-carousel-image landscape\" role=\"img\" aria-label=\"Tryp_Porto_Centro_Oporto_12\" style=\"background-image: url(&#039;https:\/\/www.hoteldamusica.com\/wp-content\/uploads\/sites\/28\/2023\/11\/Tryp_Porto_Centro_Oporto_12.jpg&#039;)\">\r\n\r\n\t\t\t\r\n\t\t\t\t\t<\/div>\r\n\t\t\t\t\t\t\t\t<\/div>\n\t\t\t\t\t\t\t\t\t<\/div>\n\t\t\t\t\t\t\t\t\t\t\t\t\t\t\t<div class=\"elementor-swiper-button elementor-swiper-button-prev\" role=\"button\" tabindex=\"0\" aria-label=\"Pr\u00e9c\u00e9dent\">\n\t\t\t\t\t\t\t<i aria-hidden=\"true\" class=\"eicon-chevron-left\"><\/i>\t\t\t\t\t\t<\/div>\n\t\t\t\t\t\t<div class=\"elementor-swiper-button elementor-swiper-button-next\" role=\"button\" tabindex=\"0\" aria-label=\"Suivant\">\n\t\t\t\t\t\t\t<i aria-hidden=\"true\" class=\"eicon-chevron-right\"><\/i>\t\t\t\t\t\t<\/div>\n\t\t\t\t\t\t\t\t\t\t\t\t\t\t\t\t<div class=\"swiper-pagination\"><\/div>\n\t\t\t\t\t\t\t\t\t\t\t\t<\/div>\n\t\t\t\t<\/div>\n\t\t\t\t\t\t\t\t<\/div>\n\t\t\t\t<\/div>\n\t\t\t\t<\/div>\n\t\t<section class=\"elementor-element elementor-element-5be6fa1 e-con-full e-flex e-con e-parent\" data-id=\"5be6fa1\" data-element_type=\"container\">\n\t\t<div class=\"elementor-element elementor-element-637ccd9 e-con-full e-flex e-con e-child\" data-id=\"637ccd9\" data-element_type=\"container\">\n\t\t<div class=\"elementor-element elementor-element-55df4ad e-con-full e-flex e-con e-child\" data-id=\"55df4ad\" data-element_type=\"container\">\n\t\t\t\t<div class=\"elementor-element elementor-element-650bc2a elementor-widget elementor-widget-heading\" data-id=\"650bc2a\" data-element_type=\"widget\" data-widget_type=\"heading.default\">\n\t\t\t\t<div class=\"elementor-widget-container\">\n\t\t\t\t\t<h2 class=\"elementor-heading-title elementor-size-default\">PORTO, LA <\/h2>\t\t\t\t<\/div>\n\t\t\t\t<\/div>\n\t\t\t\t<div class=\"elementor-element elementor-element-1062144 elementor-widget elementor-widget-heading\" data-id=\"1062144\" data-element_type=\"widget\" data-widget_type=\"heading.default\">\n\t\t\t\t<div class=\"elementor-widget-container\">\n\t\t\t\t\t<h2 class=\"elementor-heading-title elementor-size-default\">VIEILLE VILLE<\/h2>\t\t\t\t<\/div>\n\t\t\t\t<\/div>\n\t\t\t\t<div class=\"elementor-element elementor-element-da84be1 elementor-widget__width-initial elementor-widget elementor-widget-text-editor\" data-id=\"da84be1\" data-element_type=\"widget\" data-widget_type=\"text-editor.default\">\n\t\t\t\t<div class=\"elementor-widget-container\">\n\t\t\t\t\t\t\t\t\t<p>Porto est une ville ancienne dont les rues \u00e9troites racontent des histoires du pass\u00e9, refl\u00e9t\u00e9es dans les b\u00e2timents historiques, les \u00e9glises s\u00e9culaires et les places pittoresques. La ville poss\u00e8de une aura d&#8217;anciennet\u00e9 et d&#8217;authenticit\u00e9, o\u00f9 chaque coin de rue r\u00e9v\u00e8le les traces du pass\u00e9 qui a fa\u00e7onn\u00e9 son identit\u00e9. Des ruelles de la Ribeira aux murailles du Castelo do Queijo, la ville est un tr\u00e9sor de patrimoine historique qui enchante et inspire ceux qui la visitent. En se promenant dans les rues s\u00e9culaires, en contemplant les monuments anciens, il est impossible de ne pas ressentir le respect du pass\u00e9 qui r\u00e9sonne encore dans les murs et sur les trottoirs de Porto.<\/p>\t\t\t\t\t\t\t\t<\/div>\n\t\t\t\t<\/div>\n\t\t\t\t<\/div>\n\t\t\t\t<\/div>\n\t\t<div class=\"elementor-element elementor-element-65d27bb e-con-full e-flex e-con e-child\" data-id=\"65d27bb\" data-element_type=\"container\" data-settings=\"{&quot;background_background&quot;:&quot;classic&quot;}\">\n\t\t\t\t<div class=\"elementor-element elementor-element-bcfdf42 elementor-widget elementor-widget-spacer\" data-id=\"bcfdf42\" data-element_type=\"widget\" data-widget_type=\"spacer.default\">\n\t\t\t\t<div class=\"elementor-widget-container\">\n\t\t\t\t\t\t\t<div class=\"elementor-spacer\">\n\t\t\t<div class=\"elementor-spacer-inner\"><\/div>\n\t\t<\/div>\n\t\t\t\t\t\t<\/div>\n\t\t\t\t<\/div>\n\t\t\t\t<\/div>\n\t\t\t\t<\/section>\n\t\t<section class=\"elementor-element elementor-element-540cb73 e-con-full e-flex e-con e-parent\" data-id=\"540cb73\" data-element_type=\"container\">\n\t\t<div class=\"elementor-element elementor-element-e3e1f7c e-con-full e-flex e-con e-child\" data-id=\"e3e1f7c\" data-element_type=\"container\" data-settings=\"{&quot;background_background&quot;:&quot;classic&quot;}\">\n\t\t\t\t<div class=\"elementor-element elementor-element-917d9c4 elementor-widget elementor-widget-spacer\" data-id=\"917d9c4\" data-element_type=\"widget\" data-widget_type=\"spacer.default\">\n\t\t\t\t<div class=\"elementor-widget-container\">\n\t\t\t\t\t\t\t<div class=\"elementor-spacer\">\n\t\t\t<div class=\"elementor-spacer-inner\"><\/div>\n\t\t<\/div>\n\t\t\t\t\t\t<\/div>\n\t\t\t\t<\/div>\n\t\t\t\t<\/div>\n\t\t<div class=\"elementor-element elementor-element-75fb5c0 e-con-full e-flex e-con e-child\" data-id=\"75fb5c0\" data-element_type=\"container\">\n\t\t<div class=\"elementor-element elementor-element-5fdd577 e-con-full e-flex e-con e-child\" data-id=\"5fdd577\" data-element_type=\"container\">\n\t\t\t\t<div class=\"elementor-element elementor-element-3395003 elementor-widget elementor-widget-heading\" data-id=\"3395003\" data-element_type=\"widget\" data-widget_type=\"heading.default\">\n\t\t\t\t<div class=\"elementor-widget-container\">\n\t\t\t\t\t<h2 class=\"elementor-heading-title elementor-size-default\">VILLE <\/h2>\t\t\t\t<\/div>\n\t\t\t\t<\/div>\n\t\t\t\t<div class=\"elementor-element elementor-element-eb30610 elementor-widget elementor-widget-heading\" data-id=\"eb30610\" data-element_type=\"widget\" data-widget_type=\"heading.default\">\n\t\t\t\t<div class=\"elementor-widget-container\">\n\t\t\t\t\t<h2 class=\"elementor-heading-title elementor-size-default\">INSPIRANTE<\/h2>\t\t\t\t<\/div>\n\t\t\t\t<\/div>\n\t\t\t\t<div class=\"elementor-element elementor-element-ca4faff elementor-widget elementor-widget-text-editor\" data-id=\"ca4faff\" data-element_type=\"widget\" data-widget_type=\"text-editor.default\">\n\t\t\t\t<div class=\"elementor-widget-container\">\n\t\t\t\t\t\t\t\t\t<p>L&#8217;un des aspects les plus significatifs de la ville de Porto et de son centre historique est le paysage, r\u00e9sultat de l&#8217;harmonie de ses lignes et de sa structure urbaine. La ville a \u00e9t\u00e9 class\u00e9e au patrimoine de l&#8217;UNESCO en 1996 et a \u00e9t\u00e9 \u00e9lue &#8220;Meilleure destination europ\u00e9enne 2014&#8221; par le &#8220;European Consumers Choice&#8221;.<br \/>D\u00e9couvrir Porto, c&#8217;est aller \u00e0 la rencontre de nombreuses surprises. \u00c0 c\u00f4t\u00e9 de son caract\u00e8re hospitalier et conservateur se cache une ville contemporaine et cr\u00e9ative. Les marques de ce &#8220;savoir \u00eatre&#8221; se ressentent dans les rues, l&#8217;architecture, les monuments, les mus\u00e9es, les espaces de loisirs, les terrasses et les zones commer\u00e7antes.<\/p>\t\t\t\t\t\t\t\t<\/div>\n\t\t\t\t<\/div>\n\t\t\t\t<\/div>\n\t\t\t\t<\/div>\n\t\t\t\t<\/section>\n\t\t<section class=\"elementor-element elementor-element-8f70301 e-con-full e-flex e-con e-parent\" data-id=\"8f70301\" data-element_type=\"container\">\n\t\t<div class=\"elementor-element elementor-element-dbb818e e-con-full e-flex e-con e-child\" data-id=\"dbb818e\" data-element_type=\"container\">\n\t\t<div class=\"elementor-element elementor-element-7935a45 e-con-full e-flex e-con e-child\" data-id=\"7935a45\" data-element_type=\"container\">\n\t\t\t\t<div class=\"elementor-element elementor-element-ea49669 elementor-widget elementor-widget-heading\" data-id=\"ea49669\" data-element_type=\"widget\" data-widget_type=\"heading.default\">\n\t\t\t\t<div class=\"elementor-widget-container\">\n\t\t\t\t\t<h2 class=\"elementor-heading-title elementor-size-default\">LES CAVES <\/h2>\t\t\t\t<\/div>\n\t\t\t\t<\/div>\n\t\t\t\t<div class=\"elementor-element elementor-element-4ff359b elementor-widget elementor-widget-heading\" data-id=\"4ff359b\" data-element_type=\"widget\" data-widget_type=\"heading.default\">\n\t\t\t\t<div class=\"elementor-widget-container\">\n\t\t\t\t\t<h2 class=\"elementor-heading-title elementor-size-default\">DU PORTO<\/h2>\t\t\t\t<\/div>\n\t\t\t\t<\/div>\n\t\t\t\t<div class=\"elementor-element elementor-element-c4ef26c elementor-widget__width-initial elementor-widget elementor-widget-text-editor\" data-id=\"c4ef26c\" data-element_type=\"widget\" data-widget_type=\"text-editor.default\">\n\t\t\t\t<div class=\"elementor-widget-container\">\n\t\t\t\t\t\t\t\t\t<p>La ville de Porto est l&#8217;une des plus anciennes destinations touristiques d&#8217;Europe et une destination privil\u00e9gi\u00e9e pour de nombreux touristes et visiteurs.<br \/>La richesse de son patrimoine monumental et artistique, les caves \u00e0 vin de Porto, les vastes espaces d\u00e9di\u00e9s aux loisirs et \u00e0 la vie culturelle sont autant de raisons de visiter Porto.<\/p>\t\t\t\t\t\t\t\t<\/div>\n\t\t\t\t<\/div>\n\t\t\t\t<\/div>\n\t\t\t\t<\/div>\n\t\t<div class=\"elementor-element elementor-element-feaa76e e-con-full e-flex e-con e-child\" data-id=\"feaa76e\" data-element_type=\"container\" data-settings=\"{&quot;background_background&quot;:&quot;classic&quot;}\">\n\t\t\t\t<div class=\"elementor-element elementor-element-d25309d elementor-widget elementor-widget-spacer\" data-id=\"d25309d\" data-element_type=\"widget\" data-widget_type=\"spacer.default\">\n\t\t\t\t<div class=\"elementor-widget-container\">\n\t\t\t\t\t\t\t<div class=\"elementor-spacer\">\n\t\t\t<div class=\"elementor-spacer-inner\"><\/div>\n\t\t<\/div>\n\t\t\t\t\t\t<\/div>\n\t\t\t\t<\/div>\n\t\t\t\t<\/div>\n\t\t\t\t<\/section>\n\t\t<div class=\"elementor-element elementor-element-6d9b414 e-con-full e-flex e-con e-parent\" data-id=\"6d9b414\" data-element_type=\"container\">\n\t\t\t\t<div class=\"elementor-element elementor-element-cbaed58 elementor-widget elementor-widget-heading\" data-id=\"cbaed58\" data-element_type=\"widget\" data-widget_type=\"heading.default\">\n\t\t\t\t<div class=\"elementor-widget-container\">\n\t\t\t\t\t<h5 class=\"elementor-heading-title elementor-size-default\">Que voir et faire\n<\/h5>\t\t\t\t<\/div>\n\t\t\t\t<\/div>\n\t\t<div class=\"elementor-element elementor-element-b346bc2 e-con-full e-flex e-con e-child\" data-id=\"b346bc2\" data-element_type=\"container\">\n\t\t\t\t<div class=\"elementor-element elementor-element-740e4bc elementor-widget elementor-widget-n-carousel\" data-id=\"740e4bc\" data-element_type=\"widget\" data-settings=\"{&quot;carousel_items&quot;:[{&quot;slide_title&quot;:&quot;Slide #1&quot;,&quot;_id&quot;:&quot;bc1ad8d&quot;},{&quot;slide_title&quot;:&quot;Slide #2&quot;,&quot;_id&quot;:&quot;817f723&quot;},{&quot;slide_title&quot;:&quot;Slide #3&quot;,&quot;_id&quot;:&quot;f0475f9&quot;},{&quot;_id&quot;:&quot;ca82639&quot;,&quot;slide_title&quot;:&quot;Slide #4&quot;}],&quot;slides_to_show&quot;:&quot;4&quot;,&quot;image_spacing_custom&quot;:{&quot;unit&quot;:&quot;px&quot;,&quot;size&quot;:&quot;30&quot;,&quot;sizes&quot;:[]},&quot;slides_to_show_mobile_extra&quot;:&quot;1&quot;,&quot;slides_to_scroll_mobile_extra&quot;:&quot;1&quot;,&quot;slides_to_show_tablet&quot;:&quot;2&quot;,&quot;slides_to_show_mobile&quot;:&quot;1&quot;,&quot;autoplay&quot;:&quot;yes&quot;,&quot;autoplay_speed&quot;:5000,&quot;pause_on_hover&quot;:&quot;yes&quot;,&quot;pause_on_interaction&quot;:&quot;yes&quot;,&quot;speed&quot;:500,&quot;image_spacing_custom_tablet_extra&quot;:{&quot;unit&quot;:&quot;px&quot;,&quot;size&quot;:&quot;&quot;,&quot;sizes&quot;:[]},&quot;image_spacing_custom_tablet&quot;:{&quot;unit&quot;:&quot;px&quot;,&quot;size&quot;:&quot;&quot;,&quot;sizes&quot;:[]},&quot;image_spacing_custom_mobile_extra&quot;:{&quot;unit&quot;:&quot;px&quot;,&quot;size&quot;:&quot;&quot;,&quot;sizes&quot;:[]},&quot;image_spacing_custom_mobile&quot;:{&quot;unit&quot;:&quot;px&quot;,&quot;size&quot;:&quot;&quot;,&quot;sizes&quot;:[]}}\" data-widget_type=\"nested-carousel.default\">\n\t\t\t\t<div class=\"elementor-widget-container\">\n\t\t\t\t\t\t\t<div class=\"e-n-carousel swiper\" role=\"region\" aria-roledescription=\"carousel\" aria-label=\"Carousel\" dir=\"ltr\">\n\t\t\t<div class=\"swiper-wrapper\" aria-live=\"off\">\n\t\t\t\t\t\t\t\t\t\t<div class=\"swiper-slide\" data-slide=\"1\" role=\"group\" aria-roledescription=\"slide\" aria-label=\"1 sur 4\">\n\t\t\t\t\t\t\t<div class=\"elementor-element elementor-element-53701c7 e-flex e-con-boxed e-con e-child\" data-id=\"53701c7\" data-element_type=\"container\">\n\t\t\t\t\t<div class=\"e-con-inner\">\n\t\t<div class=\"elementor-element elementor-element-89754ef e-con-full e-flex e-con e-child\" data-id=\"89754ef\" data-element_type=\"container\">\n\t\t\t\t<div class=\"elementor-element elementor-element-e0a8418 elementor-widget__width-initial elementor-position-top elementor-widget elementor-widget-image-box\" data-id=\"e0a8418\" data-element_type=\"widget\" data-widget_type=\"image-box.default\">\n\t\t\t\t<div class=\"elementor-widget-container\">\n\t\t\t\t\t<div class=\"elementor-image-box-wrapper\"><figure class=\"elementor-image-box-img\"><img decoding=\"async\" src=\"https:\/\/www.hoteldamusica.com\/wp-content\/uploads\/sites\/28\/elementor\/thumbs\/Tryp_Porto_Centro_Gastronomia-qtzxu36j2sxvr22lz3s4ilwiocncxidmujjl1sr6h4.jpg\" title=\"Tryp_Porto_Centro_Gastronomia\" alt=\"Tryp_Porto_Centro_Gastronomia\" loading=\"lazy\" \/><\/figure><div class=\"elementor-image-box-content\"><h3 class=\"elementor-image-box-title\">Gastronomie<\/h3><p class=\"elementor-image-box-description\">Connue pour son hospitalit\u00e9, la ville est r\u00e9put\u00e9e pour sa gastronomie et son vin de Porto.<\/p><\/div><\/div>\t\t\t\t<\/div>\n\t\t\t\t<\/div>\n\t\t\t\t<\/div>\n\t\t\t\t\t<\/div>\n\t\t\t\t<\/div>\n\t\t\t\t\t\t\t\t<\/div>\n\t\t\t\t\t\t\t\t\t\t\t<div class=\"swiper-slide\" data-slide=\"2\" role=\"group\" aria-roledescription=\"slide\" aria-label=\"2 sur 4\">\n\t\t\t\t\t\t\t<div class=\"elementor-element elementor-element-f76e8da e-flex e-con-boxed e-con e-child\" data-id=\"f76e8da\" data-element_type=\"container\">\n\t\t\t\t\t<div class=\"e-con-inner\">\n\t\t\t\t<div class=\"elementor-element elementor-element-357ba66 elementor-widget__width-initial elementor-position-top elementor-widget elementor-widget-image-box\" data-id=\"357ba66\" data-element_type=\"widget\" data-widget_type=\"image-box.default\">\n\t\t\t\t<div class=\"elementor-widget-container\">\n\t\t\t\t\t<div class=\"elementor-image-box-wrapper\"><figure class=\"elementor-image-box-img\"><img decoding=\"async\" src=\"https:\/\/www.hoteldamusica.com\/wp-content\/uploads\/sites\/28\/elementor\/thumbs\/Tryp_Porto_Centro_Patrimonio-qtzxu36j2sxvr22lz3s4ilwiocncxidmujjl1sr6h4.jpg\" title=\"Tryp_Porto_Centro_Patrimonio\" alt=\"Tryp_Porto_Centro_Patrimonio\" loading=\"lazy\" \/><\/figure><div class=\"elementor-image-box-content\"><h3 class=\"elementor-image-box-title\">Patrimoine<\/h3><p class=\"elementor-image-box-description\">Laissez-vous surprendre par la richesse architecturale de Porto et ne manquez pas de visiter la c\u00e9l\u00e8bre librairie Lello, les salles du Pal\u00e1cio da Bolsa, la tour Cl\u00e9rigos et la place Aliados<\/p><\/div><\/div>\t\t\t\t<\/div>\n\t\t\t\t<\/div>\n\t\t\t\t\t<\/div>\n\t\t\t\t<\/div>\n\t\t\t\t\t\t\t\t<\/div>\n\t\t\t\t\t\t\t\t\t\t\t<div class=\"swiper-slide\" data-slide=\"3\" role=\"group\" aria-roledescription=\"slide\" aria-label=\"3 sur 4\">\n\t\t\t\t\t\t\t<div class=\"elementor-element elementor-element-2733f80 e-flex e-con-boxed e-con e-child\" data-id=\"2733f80\" data-element_type=\"container\">\n\t\t\t\t\t<div class=\"e-con-inner\">\n\t\t\t\t<div class=\"elementor-element elementor-element-ca50de8 elementor-widget__width-initial elementor-position-top elementor-widget elementor-widget-image-box\" data-id=\"ca50de8\" data-element_type=\"widget\" data-widget_type=\"image-box.default\">\n\t\t\t\t<div class=\"elementor-widget-container\">\n\t\t\t\t\t<div class=\"elementor-image-box-wrapper\"><figure class=\"elementor-image-box-img\"><img decoding=\"async\" src=\"https:\/\/www.hoteldamusica.com\/wp-content\/uploads\/sites\/28\/elementor\/thumbs\/Tryp_Porto_Centro_Cultura-qtzxu36j2sxvr22lz3s4ilwiocncxidmujjl1sr6h4.jpg\" title=\"Tryp_Porto_Centro_Cultura\" alt=\"Tryp_Porto_Centro_Cultura\" loading=\"lazy\" \/><\/figure><div class=\"elementor-image-box-content\"><h3 class=\"elementor-image-box-title\">Culture<\/h3><p class=\"elementor-image-box-description\">Plongez dans la vie culturelle de la ville. Profitez-en pour voir un spectacle ou visiter une exposition \u00e0 la Casa da M\u00fasica ou au Coliseu do Porto.<\/p><\/div><\/div>\t\t\t\t<\/div>\n\t\t\t\t<\/div>\n\t\t\t\t\t<\/div>\n\t\t\t\t<\/div>\n\t\t\t\t\t\t\t\t<\/div>\n\t\t\t\t\t\t\t\t\t\t\t<div class=\"swiper-slide\" data-slide=\"4\" role=\"group\" aria-roledescription=\"slide\" aria-label=\"4 sur 4\">\n\t\t\t\t\t\t\t<div class=\"elementor-element elementor-element-1061503 e-flex e-con-boxed e-con e-child\" data-id=\"1061503\" data-element_type=\"container\">\n\t\t\t\t\t<div class=\"e-con-inner\">\n\t\t\t\t<div class=\"elementor-element elementor-element-461a763 elementor-widget__width-initial elementor-position-top elementor-widget elementor-widget-image-box\" data-id=\"461a763\" data-element_type=\"widget\" data-widget_type=\"image-box.default\">\n\t\t\t\t<div class=\"elementor-widget-container\">\n\t\t\t\t\t<div class=\"elementor-image-box-wrapper\"><figure class=\"elementor-image-box-img\"><img decoding=\"async\" src=\"https:\/\/www.hoteldamusica.com\/wp-content\/uploads\/sites\/28\/elementor\/thumbs\/Tryp_Porto_Centro_Entertenimento-1-qtzxu36j2sxvr22lz3s4ilwiocncxidmujjl1sr6h4.jpg\" title=\"Tryp_Porto_Centro_Entertenimento\" alt=\"Tryp_Porto_Centro_Entertenimento\" loading=\"lazy\" \/><\/figure><div class=\"elementor-image-box-content\"><h3 class=\"elementor-image-box-title\">Divertissement<\/h3><p class=\"elementor-image-box-description\">Porto offre une multitude d'exp\u00e9riences qui rendront votre s\u00e9jour inoubliable. Ne manquez pas de visiter le parc \u00e0 th\u00e8me World of Discoveries et l'aquarium Sea Life. Vous pouvez \u00e9galement en profiter pour faire du shopping dans la Via Santa Catarina et terminer la journ\u00e9e avec un verre de vin de Porto.<\/p><\/div><\/div>\t\t\t\t<\/div>\n\t\t\t\t<\/div>\n\t\t\t\t\t<\/div>\n\t\t\t\t<\/div>\n\t\t\t\t\t\t\t\t<\/div>\n\t\t\t\t\t\t\t\t<\/div>\n\t\t<\/div>\n\t\t\t\t\t\t<\/div>\n\t\t\t\t<\/div>\n\t\t\t\t<\/div>\n\t\t\t\t<\/div>\n\t\t<div class=\"elementor-element elementor-element-ef147e1 e-con-full e-flex e-con e-parent\" data-id=\"ef147e1\" data-element_type=\"container\">\n\t\t\t\t<div class=\"elementor-element elementor-element-77cc4b2 elementor-widget elementor-widget-heading\" data-id=\"77cc4b2\" data-element_type=\"widget\" data-widget_type=\"heading.default\">\n\t\t\t\t<div class=\"elementor-widget-container\">\n\t\t\t\t\t<h5 class=\"elementor-heading-title elementor-size-default\">Arriver de l' a\u00e9roport\n<\/h5>\t\t\t\t<\/div>\n\t\t\t\t<\/div>\n\t\t\t\t<\/div>\n\t\t<section class=\"elementor-element elementor-element-6ecac3e e-con-full e-flex e-con e-parent\" data-id=\"6ecac3e\" data-element_type=\"container\">\n\t\t\t\t<div class=\"elementor-element elementor-element-4093eb6 elementor-widget__width-initial elementor-view-default elementor-position-top elementor-mobile-position-top elementor-widget elementor-widget-icon-box\" data-id=\"4093eb6\" data-element_type=\"widget\" data-widget_type=\"icon-box.default\">\n\t\t\t\t<div class=\"elementor-widget-container\">\n\t\t\t\t\t\t\t<div class=\"elementor-icon-box-wrapper\">\n\n\t\t\t\t\t\t<div class=\"elementor-icon-box-icon\">\n\t\t\t\t<span  class=\"elementor-icon\">\n\t\t\t\t<i aria-hidden=\"true\" class=\"fal fa-taxi\"><\/i>\t\t\t\t<\/span>\n\t\t\t<\/div>\n\t\t\t\n\t\t\t\t\t\t<div class=\"elementor-icon-box-content\">\n\n\t\t\t\t\t\t\t\t\t<h3 class=\"elementor-icon-box-title\">\n\t\t\t\t\t\t<span  >\n\t\t\t\t\t\t\tTaxi\t\t\t\t\t\t<\/span>\n\t\t\t\t\t<\/h3>\n\t\t\t\t\n\t\t\t\t\t\t\t\t\t<p class=\"elementor-icon-box-description\">\n\t\t\t\t\t\tLe prix moyen d'une course en taxi depuis l'a\u00e9roport est d'environ 20,00 EUR. Le montant de la course est identique et ne d\u00e9pend pas du nombre de passagers dans le v\u00e9hicule. Si vos bagages sont plus grands que 55x35x20cm, ils doivent \u00eatre transport\u00e9s dans le coffre ou sur le toit. Dans ce cas, un suppl\u00e9ment peut \u00eatre demand\u00e9. Les fauteuils roulants, les lits d'enfant et les poussettes peuvent \u00eatre transport\u00e9s gratuitement. Aucun pourboire n'est demand\u00e9.\t\t\t\t\t<\/p>\n\t\t\t\t\n\t\t\t<\/div>\n\t\t\t\n\t\t<\/div>\n\t\t\t\t\t\t<\/div>\n\t\t\t\t<\/div>\n\t\t\t\t<div class=\"elementor-element elementor-element-ba2ca3b elementor-widget__width-initial elementor-view-default elementor-position-top elementor-mobile-position-top elementor-widget elementor-widget-icon-box\" data-id=\"ba2ca3b\" data-element_type=\"widget\" data-widget_type=\"icon-box.default\">\n\t\t\t\t<div class=\"elementor-widget-container\">\n\t\t\t\t\t\t\t<div class=\"elementor-icon-box-wrapper\">\n\n\t\t\t\t\t\t<div class=\"elementor-icon-box-icon\">\n\t\t\t\t<span  class=\"elementor-icon\">\n\t\t\t\t<i aria-hidden=\"true\" class=\"fal fa-bus-alt\"><\/i>\t\t\t\t<\/span>\n\t\t\t<\/div>\n\t\t\t\n\t\t\t\t\t\t<div class=\"elementor-icon-box-content\">\n\n\t\t\t\t\t\t\t\t\t<h3 class=\"elementor-icon-box-title\">\n\t\t\t\t\t\t<span  >\n\t\t\t\t\t\t\tBus\t\t\t\t\t\t<\/span>\n\t\t\t\t\t<\/h3>\n\t\t\t\t\n\t\t\t\t\t\t\t\t\t<p class=\"elementor-icon-box-description\">\n\t\t\t\t\t\tAEROBUS propose des liaisons rapides toutes les demi-heures entre l'a\u00e9roport et le centre de Porto et les principaux h\u00f4tels de la ville.\nLes lignes de bus 56 et 87 de la STCP relient \u00e9galement l'a\u00e9roport \u00e0 diff\u00e9rents quartiers du centre-ville. Les billets co\u00fbtent 1,20 EUR et ne sont valables que pour un seul trajet.\t\t\t\t\t<\/p>\n\t\t\t\t\n\t\t\t<\/div>\n\t\t\t\n\t\t<\/div>\n\t\t\t\t\t\t<\/div>\n\t\t\t\t<\/div>\n\t\t\t\t<div class=\"elementor-element elementor-element-262a63b elementor-widget__width-initial elementor-view-default elementor-position-top elementor-mobile-position-top elementor-widget elementor-widget-icon-box\" data-id=\"262a63b\" data-element_type=\"widget\" data-widget_type=\"icon-box.default\">\n\t\t\t\t<div class=\"elementor-widget-container\">\n\t\t\t\t\t\t\t<div class=\"elementor-icon-box-wrapper\">\n\n\t\t\t\t\t\t<div class=\"elementor-icon-box-icon\">\n\t\t\t\t<span  class=\"elementor-icon\">\n\t\t\t\t<i aria-hidden=\"true\" class=\"fal fa-cars\"><\/i>\t\t\t\t<\/span>\n\t\t\t<\/div>\n\t\t\t\n\t\t\t\t\t\t<div class=\"elementor-icon-box-content\">\n\n\t\t\t\t\t\t\t\t\t<h3 class=\"elementor-icon-box-title\">\n\t\t\t\t\t\t<span  >\n\t\t\t\t\t\t\tRent-a-car\t\t\t\t\t\t<\/span>\n\t\t\t\t\t<\/h3>\n\t\t\t\t\n\t\t\t\t\t\t\t\t\t<p class=\"elementor-icon-box-description\">\n\t\t\t\t\t\tVous pouvez louer une voiture dans la zone des arriv\u00e9es de l'a\u00e9roport aupr\u00e8s de soci\u00e9t\u00e9s de location de voitures. Une autre option consiste \u00e0 r\u00e9server \u00e0 l'avance.\t\t\t\t\t<\/p>\n\t\t\t\t\n\t\t\t<\/div>\n\t\t\t\n\t\t<\/div>\n\t\t\t\t\t\t<\/div>\n\t\t\t\t<\/div>\n\t\t\t\t<\/section>\n\t\t<div class=\"elementor-element elementor-element-6efa5a1 e-con-full e-flex e-con e-parent\" data-id=\"6efa5a1\" data-element_type=\"container\">\n\t\t\t\t<div class=\"elementor-element elementor-element-f733e4c elementor-widget elementor-widget-heading\" data-id=\"f733e4c\" data-element_type=\"widget\" data-widget_type=\"heading.default\">\n\t\t\t\t<div class=\"elementor-widget-container\">\n\t\t\t\t\t<h5 class=\"elementor-heading-title elementor-size-default\">Arriver par voie terrestre\n<\/h5>\t\t\t\t<\/div>\n\t\t\t\t<\/div>\n\t\t\t\t<\/div>\n\t\t<section class=\"elementor-element elementor-element-8151f15 e-con-full e-flex e-con e-parent\" data-id=\"8151f15\" data-element_type=\"container\">\n\t\t\t\t<div class=\"elementor-element elementor-element-1dd2613 elementor-widget__width-initial elementor-view-default elementor-position-top elementor-mobile-position-top elementor-widget elementor-widget-icon-box\" data-id=\"1dd2613\" data-element_type=\"widget\" data-widget_type=\"icon-box.default\">\n\t\t\t\t<div class=\"elementor-widget-container\">\n\t\t\t\t\t\t\t<div class=\"elementor-icon-box-wrapper\">\n\n\t\t\t\t\t\t<div class=\"elementor-icon-box-icon\">\n\t\t\t\t<span  class=\"elementor-icon\">\n\t\t\t\t<i aria-hidden=\"true\" class=\"fal fa-train\"><\/i>\t\t\t\t<\/span>\n\t\t\t<\/div>\n\t\t\t\n\t\t\t\t\t\t<div class=\"elementor-icon-box-content\">\n\n\t\t\t\t\t\t\t\t\t<h3 class=\"elementor-icon-box-title\">\n\t\t\t\t\t\t<span  >\n\t\t\t\t\t\t\tTrain\t\t\t\t\t\t<\/span>\n\t\t\t\t\t<\/h3>\n\t\t\t\t\n\t\t\t\t\t\t\t\t\t<p class=\"elementor-icon-box-description\">\n\t\t\t\t\t\tPorto poss\u00e8de deux gares principales avec des connexions nationales et internationales, notamment avec la ville de Paris.\nGare de Campanh\u00e3 :\nTransport ferroviaire vers Lisbonne, le Douro, le Minho et des destinations internationales.\nGare de S. Bento :\nLiaisons r\u00e9gionales, Galice, r\u00e9gions du Douro et du Minho, Aveiro et Coimbra.\nLes r\u00e9servations peuvent \u00eatre effectu\u00e9es aupr\u00e8s du centre d'appel de CP - Comboios de Portugal (808 208 208 ou +351 223 394 040).\t\t\t\t\t<\/p>\n\t\t\t\t\n\t\t\t<\/div>\n\t\t\t\n\t\t<\/div>\n\t\t\t\t\t\t<\/div>\n\t\t\t\t<\/div>\n\t\t\t\t<div class=\"elementor-element elementor-element-ceb50c1 elementor-widget__width-initial elementor-view-default elementor-position-top elementor-mobile-position-top elementor-widget elementor-widget-icon-box\" data-id=\"ceb50c1\" data-element_type=\"widget\" data-widget_type=\"icon-box.default\">\n\t\t\t\t<div class=\"elementor-widget-container\">\n\t\t\t\t\t\t\t<div class=\"elementor-icon-box-wrapper\">\n\n\t\t\t\t\t\t<div class=\"elementor-icon-box-icon\">\n\t\t\t\t<span  class=\"elementor-icon\">\n\t\t\t\t<i aria-hidden=\"true\" class=\"fal fa-bus-alt\"><\/i>\t\t\t\t<\/span>\n\t\t\t<\/div>\n\t\t\t\n\t\t\t\t\t\t<div class=\"elementor-icon-box-content\">\n\n\t\t\t\t\t\t\t\t\t<h3 class=\"elementor-icon-box-title\">\n\t\t\t\t\t\t<span  >\n\t\t\t\t\t\t\tBus\t\t\t\t\t\t<\/span>\n\t\t\t\t\t<\/h3>\n\t\t\t\t\n\t\t\t\t\t\t\t\t\t<p class=\"elementor-icon-box-description\">\n\t\t\t\t\t\tDes soci\u00e9t\u00e9s de transport routier telles que Rede Nacional de Expressos et InterNorte relient Porto \u00e0 plusieurs endroits en Europe. InterNorte dessert presque toutes les grandes villes europ\u00e9ennes.\nD'autres compagnies de bus couvrent le pays du nord au sud.\t\t\t\t\t<\/p>\n\t\t\t\t\n\t\t\t<\/div>\n\t\t\t\n\t\t<\/div>\n\t\t\t\t\t\t<\/div>\n\t\t\t\t<\/div>\n\t\t\t\t<div class=\"elementor-element elementor-element-4d04920 elementor-widget__width-initial elementor-view-default elementor-position-top elementor-mobile-position-top elementor-widget elementor-widget-icon-box\" data-id=\"4d04920\" data-element_type=\"widget\" data-widget_type=\"icon-box.default\">\n\t\t\t\t<div class=\"elementor-widget-container\">\n\t\t\t\t\t\t\t<div class=\"elementor-icon-box-wrapper\">\n\n\t\t\t\t\t\t<div class=\"elementor-icon-box-icon\">\n\t\t\t\t<span  class=\"elementor-icon\">\n\t\t\t\t<i aria-hidden=\"true\" class=\"fal fa-car\"><\/i>\t\t\t\t<\/span>\n\t\t\t<\/div>\n\t\t\t\n\t\t\t\t\t\t<div class=\"elementor-icon-box-content\">\n\n\t\t\t\t\t\t\t\t\t<h3 class=\"elementor-icon-box-title\">\n\t\t\t\t\t\t<span  >\n\t\t\t\t\t\t\tTransport Urbain\t\t\t\t\t\t<\/span>\n\t\t\t\t\t<\/h3>\n\t\t\t\t\n\t\t\t\t\t\t\t\t\t<p class=\"elementor-icon-box-description\">\n\t\t\t\t\t\tDans la ville, les transports publics urbains sont assur\u00e9s par les bus et le m\u00e9tro de Porto.\t\t\t\t\t<\/p>\n\t\t\t\t\n\t\t\t<\/div>\n\t\t\t\n\t\t<\/div>\n\t\t\t\t\t\t<\/div>\n\t\t\t\t<\/div>\n\t\t\t\t<\/section>\n\t\t<section class=\"elementor-element elementor-element-71af052 e-con-full e-flex e-con e-parent\" data-id=\"71af052\" data-element_type=\"container\" id=\"cardstitles\">\n\t\t<div class=\"elementor-element elementor-element-d613357 e-con-full e-flex e-con e-child\" data-id=\"d613357\" data-element_type=\"container\">\n\t\t<div class=\"elementor-element elementor-element-97f47e6 e-con-full e-flex e-con e-child\" data-id=\"97f47e6\" data-element_type=\"container\">\n\t\t<div class=\"elementor-element elementor-element-2a90fad e-con-full e-flex e-con e-child\" data-id=\"2a90fad\" data-element_type=\"container\">\n\t\t\t\t<div class=\"elementor-element elementor-element-a5afca3 elementor-widget elementor-widget-heading\" data-id=\"a5afca3\" data-element_type=\"widget\" data-widget_type=\"heading.default\">\n\t\t\t\t<div class=\"elementor-widget-container\">\n\t\t\t\t\t<h2 class=\"elementor-heading-title elementor-size-default\">\u00c9V\u00c8NEMENTS<\/h2>\t\t\t\t<\/div>\n\t\t\t\t<\/div>\n\t\t\t\t<div class=\"elementor-element elementor-element-217b1b5 elementor-widget elementor-widget-heading\" data-id=\"217b1b5\" data-element_type=\"widget\" data-widget_type=\"heading.default\">\n\t\t\t\t<div class=\"elementor-widget-container\">\n\t\t\t\t\t<h2 class=\"elementor-heading-title elementor-size-default\">\u00c0 PORTO<\/h2>\t\t\t\t<\/div>\n\t\t\t\t<\/div>\n\t\t\t\t<\/div>\n\t\t\t\t<\/div>\n\t\t<div class=\"elementor-element elementor-element-7da17e2 e-con-full e-flex e-con e-child\" data-id=\"7da17e2\" data-element_type=\"container\">\n\t\t\t\t<div class=\"elementor-element elementor-element-3ad7540 elementor-widget elementor-widget-n-carousel\" data-id=\"3ad7540\" data-element_type=\"widget\" data-settings=\"{&quot;carousel_items&quot;:[{&quot;slide_title&quot;:&quot;Slide #1&quot;,&quot;_id&quot;:&quot;bc1ad8d&quot;},{&quot;slide_title&quot;:&quot;Slide #2&quot;,&quot;_id&quot;:&quot;817f723&quot;}],&quot;slides_to_show&quot;:&quot;3&quot;,&quot;image_spacing_custom&quot;:{&quot;unit&quot;:&quot;px&quot;,&quot;size&quot;:&quot;30&quot;,&quot;sizes&quot;:[]},&quot;slides_to_show_mobile_extra&quot;:&quot;1&quot;,&quot;slides_to_scroll_mobile_extra&quot;:&quot;1&quot;,&quot;slides_to_show_tablet&quot;:&quot;2&quot;,&quot;slides_to_show_mobile&quot;:&quot;1&quot;,&quot;autoplay&quot;:&quot;yes&quot;,&quot;autoplay_speed&quot;:5000,&quot;pause_on_hover&quot;:&quot;yes&quot;,&quot;pause_on_interaction&quot;:&quot;yes&quot;,&quot;speed&quot;:500,&quot;image_spacing_custom_tablet_extra&quot;:{&quot;unit&quot;:&quot;px&quot;,&quot;size&quot;:&quot;&quot;,&quot;sizes&quot;:[]},&quot;image_spacing_custom_tablet&quot;:{&quot;unit&quot;:&quot;px&quot;,&quot;size&quot;:&quot;&quot;,&quot;sizes&quot;:[]},&quot;image_spacing_custom_mobile_extra&quot;:{&quot;unit&quot;:&quot;px&quot;,&quot;size&quot;:&quot;&quot;,&quot;sizes&quot;:[]},&quot;image_spacing_custom_mobile&quot;:{&quot;unit&quot;:&quot;px&quot;,&quot;size&quot;:&quot;&quot;,&quot;sizes&quot;:[]}}\" data-widget_type=\"nested-carousel.default\">\n\t\t\t\t<div class=\"elementor-widget-container\">\n\t\t\t\t\t\t\t<div class=\"e-n-carousel swiper\" role=\"region\" aria-roledescription=\"carousel\" aria-label=\"Carousel\" dir=\"ltr\">\n\t\t\t<div class=\"swiper-wrapper\" aria-live=\"off\">\n\t\t\t\t\t\t\t\t\t\t<div class=\"swiper-slide\" data-slide=\"1\" role=\"group\" aria-roledescription=\"slide\" aria-label=\"1 sur 2\">\n\t\t\t\t\t\t\t<div class=\"elementor-element elementor-element-40632e3 e-flex e-con-boxed e-con e-child\" data-id=\"40632e3\" data-element_type=\"container\">\n\t\t\t\t\t<div class=\"e-con-inner\">\n\t\t<div class=\"elementor-element elementor-element-f5bd011 e-con-full e-flex e-con e-child\" data-id=\"f5bd011\" data-element_type=\"container\">\n\t\t\t\t<div class=\"elementor-element elementor-element-05e60f6 elementor-widget__width-initial elementor-position-top elementor-widget elementor-widget-image-box\" data-id=\"05e60f6\" data-element_type=\"widget\" data-widget_type=\"image-box.default\">\n\t\t\t\t<div class=\"elementor-widget-container\">\n\t\t\t\t\t<div class=\"elementor-image-box-wrapper\"><figure class=\"elementor-image-box-img\"><a href=\"https:\/\/maresvivas.meo.pt\/pt\" target=\"_blank\" tabindex=\"-1\"><img fetchpriority=\"high\" decoding=\"async\" width=\"407\" height=\"500\" src=\"https:\/\/www.hoteldamusica.com\/wp-content\/uploads\/sites\/28\/2024\/07\/Tryp_Porto_Centro_Festival_Mares_Vivas.jpg\" class=\"attachment-full size-full wp-image-21145\" alt=\"Tryp_Porto_Centro_Festival_Mares_Vivas\" srcset=\"https:\/\/www.hoteldamusica.com\/wp-content\/uploads\/sites\/28\/2024\/07\/Tryp_Porto_Centro_Festival_Mares_Vivas.jpg 407w, https:\/\/www.hoteldamusica.com\/wp-content\/uploads\/sites\/28\/2024\/07\/Tryp_Porto_Centro_Festival_Mares_Vivas-244x300.jpg 244w\" sizes=\"(max-width: 407px) 100vw, 407px\" \/><\/a><\/figure><div class=\"elementor-image-box-content\"><h3 class=\"elementor-image-box-title\"><a href=\"https:\/\/maresvivas.meo.pt\/pt\" target=\"_blank\">Festival Mar\u00e9s Vivas<\/a><\/h3><p class=\"elementor-image-box-description\">Le festival Mar\u00e9s Vivas est un \u00e9v\u00e9nement culturel et musical qui a lieu chaque ann\u00e9e dans la ville de Porto et qui rassemble des artistes nationaux et internationaux dans un cadre anim\u00e9 en bord de mer.<\/p><\/div><\/div>\t\t\t\t<\/div>\n\t\t\t\t<\/div>\n\t\t\t\t<\/div>\n\t\t\t\t\t<\/div>\n\t\t\t\t<\/div>\n\t\t\t\t\t\t\t\t<\/div>\n\t\t\t\t\t\t\t\t\t\t\t<div class=\"swiper-slide\" data-slide=\"2\" role=\"group\" aria-roledescription=\"slide\" aria-label=\"2 sur 2\">\n\t\t\t\t\t\t\t<div class=\"elementor-element elementor-element-036c9fe e-flex e-con-boxed e-con e-child\" data-id=\"036c9fe\" data-element_type=\"container\">\n\t\t\t\t\t<div class=\"e-con-inner\">\n\t\t\t\t<div class=\"elementor-element elementor-element-fe52e3f elementor-widget__width-initial elementor-position-top elementor-widget elementor-widget-image-box\" data-id=\"fe52e3f\" data-element_type=\"widget\" data-widget_type=\"image-box.default\">\n\t\t\t\t<div class=\"elementor-widget-container\">\n\t\t\t\t\t<div class=\"elementor-image-box-wrapper\"><figure class=\"elementor-image-box-img\"><a href=\"https:\/\/www.primaverasound.com\/fr\/porto\" tabindex=\"-1\"><img decoding=\"async\" width=\"407\" height=\"500\" src=\"https:\/\/www.hoteldamusica.com\/wp-content\/uploads\/sites\/28\/2024\/07\/Tryp_Porto_Centro_Primavera_Sound_Fest.jpg\" class=\"attachment-full size-full wp-image-21150\" alt=\"Tryp_Porto_Centro_Primavera_Sound_Fest\" srcset=\"https:\/\/www.hoteldamusica.com\/wp-content\/uploads\/sites\/28\/2024\/07\/Tryp_Porto_Centro_Primavera_Sound_Fest.jpg 407w, https:\/\/www.hoteldamusica.com\/wp-content\/uploads\/sites\/28\/2024\/07\/Tryp_Porto_Centro_Primavera_Sound_Fest-244x300.jpg 244w\" sizes=\"(max-width: 407px) 100vw, 407px\" \/><\/a><\/figure><div class=\"elementor-image-box-content\"><h3 class=\"elementor-image-box-title\"><a href=\"https:\/\/www.primaverasound.com\/fr\/porto\">Primavera Sound Fest<\/a><\/h3><p class=\"elementor-image-box-description\">Primavera Sound est un festival de musique annuel qui se tient au Parque da Cidade de Porto, au Portugal. Connu pour sa diversit\u00e9 musicale et son atmosph\u00e8re vibrante, il attire des artistes et des fans du monde entier pour trois jours de spectacles passionnants.<\/p><\/div><\/div>\t\t\t\t<\/div>\n\t\t\t\t<\/div>\n\t\t\t\t\t<\/div>\n\t\t\t\t<\/div>\n\t\t\t\t\t\t\t\t<\/div>\n\t\t\t\t\t\t\t\t<\/div>\n\t\t<\/div>\n\t\t\t\t\t\t<\/div>\n\t\t\t\t<\/div>\n\t\t\t\t<\/div>\n\t\t\t\t<\/div>\n\t\t\t\t<\/section>\n\t\t\t\t<\/div>\n\t\t","protected":false},"excerpt":{"rendered":"<p>Porto Porto, ville majestueuse situ\u00e9e sur les rives du fleuve Douro, enchante par son histoire et sa culture vibrante. Explorez les rues \u00e9troites qui r\u00e9v\u00e8lent des tr\u00e9sors architecturaux tels que l&#8217;embl\u00e9matique pont Dom Lu\u00eds I et l&#8217;imposante S\u00e9 do Porto. Fl\u00e2nez dans des quartiers pittoresques tels que Ribeira, avec ses maisons color\u00e9es et ses bars [&hellip;]<\/p>\n","protected":false},"author":1,"featured_media":0,"parent":0,"menu_order":0,"comment_status":"closed","ping_status":"closed","template":"","meta":{"_acf_changed":false,"footnotes":""},"class_list":["post-8049","page","type-page","status-publish","hentry"],"acf":[],"yoast_head":"<!-- This site is optimized with the Yoast SEO plugin v24.5 - https:\/\/yoast.com\/wordpress\/plugins\/seo\/ -->\n<title>Porto - Hotel da M\u00fasica<\/title>\n<meta name=\"description\" content=\"Hotel no Porto com localiza\u00e7\u00e3o privilegiada. Melhor pre\u00e7o. Consulte as nossas promo\u00e7\u00f5es e vantagens. Desfrute da sua estadia.\" \/>\n<meta name=\"robots\" content=\"index, follow, max-snippet:-1, max-image-preview:large, max-video-preview:-1\" \/>\n<link rel=\"canonical\" href=\"https:\/\/www.hoteldamusica.com\/fr\/porto\/\" \/>\n<meta property=\"og:locale\" content=\"fr_FR\" \/>\n<meta property=\"og:type\" content=\"article\" \/>\n<meta property=\"og:title\" content=\"Porto - Hotel da M\u00fasica\" \/>\n<meta property=\"og:description\" content=\"Hotel no Porto com localiza\u00e7\u00e3o privilegiada. Melhor pre\u00e7o. Consulte as nossas promo\u00e7\u00f5es e vantagens. Desfrute da sua estadia.\" \/>\n<meta property=\"og:url\" content=\"https:\/\/www.hoteldamusica.com\/fr\/porto\/\" \/>\n<meta property=\"og:site_name\" content=\"Hotel da M\u00fasica\" \/>\n<meta property=\"article:publisher\" content=\"https:\/\/www.facebook.com\/HoteldaMusica\/\" \/>\n<meta property=\"article:modified_time\" content=\"2024-08-21T17:28:53+00:00\" \/>\n<meta property=\"og:image\" content=\"https:\/\/www.hoteldamusica.com\/wp-content\/uploads\/sites\/28\/2024\/07\/Tryp_Porto_Centro_Gastronomia-150x150.jpg\" \/>\n<meta name=\"twitter:card\" content=\"summary_large_image\" \/>\n<meta name=\"twitter:label1\" content=\"Dur\u00e9e de lecture estim\u00e9e\" \/>\n\t<meta name=\"twitter:data1\" content=\"7 minutes\" \/>\n<script type=\"application\/ld+json\" class=\"yoast-schema-graph\">{\"@context\":\"https:\/\/schema.org\",\"@graph\":[{\"@type\":\"WebPage\",\"@id\":\"https:\/\/www.hoteldamusica.com\/fr\/porto\/\",\"url\":\"https:\/\/www.hoteldamusica.com\/fr\/porto\/\",\"name\":\"Porto - Hotel da M\u00fasica\",\"isPartOf\":{\"@id\":\"https:\/\/www.hoteldamusica.com\/fr\/#website\"},\"primaryImageOfPage\":{\"@id\":\"https:\/\/www.hoteldamusica.com\/fr\/porto\/#primaryimage\"},\"image\":{\"@id\":\"https:\/\/www.hoteldamusica.com\/fr\/porto\/#primaryimage\"},\"thumbnailUrl\":\"https:\/\/www.hoteldamusica.com\/wp-content\/uploads\/sites\/28\/2024\/07\/Tryp_Porto_Centro_Gastronomia-150x150.jpg\",\"datePublished\":\"2023-12-19T12:17:38+00:00\",\"dateModified\":\"2024-08-21T17:28:53+00:00\",\"description\":\"Hotel no Porto com localiza\u00e7\u00e3o privilegiada. Melhor pre\u00e7o. Consulte as nossas promo\u00e7\u00f5es e vantagens. Desfrute da sua estadia.\",\"breadcrumb\":{\"@id\":\"https:\/\/www.hoteldamusica.com\/fr\/porto\/#breadcrumb\"},\"inLanguage\":\"fr-FR\",\"potentialAction\":[{\"@type\":\"ReadAction\",\"target\":[\"https:\/\/www.hoteldamusica.com\/fr\/porto\/\"]}]},{\"@type\":\"ImageObject\",\"inLanguage\":\"fr-FR\",\"@id\":\"https:\/\/www.hoteldamusica.com\/fr\/porto\/#primaryimage\",\"url\":\"https:\/\/www.hoteldamusica.com\/wp-content\/uploads\/sites\/28\/2024\/07\/Tryp_Porto_Centro_Gastronomia-150x150.jpg\",\"contentUrl\":\"https:\/\/www.hoteldamusica.com\/wp-content\/uploads\/sites\/28\/2024\/07\/Tryp_Porto_Centro_Gastronomia-150x150.jpg\"},{\"@type\":\"BreadcrumbList\",\"@id\":\"https:\/\/www.hoteldamusica.com\/fr\/porto\/#breadcrumb\",\"itemListElement\":[{\"@type\":\"ListItem\",\"position\":1,\"name\":\"In\u00edcio\",\"item\":\"https:\/\/www.hoteldamusica.com\/fr\/\"},{\"@type\":\"ListItem\",\"position\":2,\"name\":\"Porto\"}]},{\"@type\":\"WebSite\",\"@id\":\"https:\/\/www.hoteldamusica.com\/fr\/#website\",\"url\":\"https:\/\/www.hoteldamusica.com\/fr\/\",\"name\":\"Hotel da M\u00fasica\",\"description\":\"Hotel no Porto com localiza\u00e7\u00e3o privilegiada. Melhor pre\u00e7o. Consulte as nossas promo\u00e7\u00f5es e vantagens. Desfrute da sua estadia.\",\"publisher\":{\"@id\":\"https:\/\/www.hoteldamusica.com\/fr\/#organization\"},\"potentialAction\":[{\"@type\":\"SearchAction\",\"target\":{\"@type\":\"EntryPoint\",\"urlTemplate\":\"https:\/\/www.hoteldamusica.com\/fr\/?s={search_term_string}\"},\"query-input\":{\"@type\":\"PropertyValueSpecification\",\"valueRequired\":true,\"valueName\":\"search_term_string\"}}],\"inLanguage\":\"fr-FR\"},{\"@type\":\"Organization\",\"@id\":\"https:\/\/www.hoteldamusica.com\/fr\/#organization\",\"name\":\"Hotel da M\u00fasica\",\"alternateName\":\"Hotel da M\u00fasica\",\"url\":\"https:\/\/www.hoteldamusica.com\/fr\/\",\"logo\":{\"@type\":\"ImageObject\",\"inLanguage\":\"fr-FR\",\"@id\":\"https:\/\/www.hoteldamusica.com\/fr\/#\/schema\/logo\/image\/\",\"url\":\"https:\/\/www.hoteldamusica.com\/wp-content\/uploads\/sites\/28\/2023\/11\/HotelDaMusica_Logo.png\",\"contentUrl\":\"https:\/\/www.hoteldamusica.com\/wp-content\/uploads\/sites\/28\/2023\/11\/HotelDaMusica_Logo.png\",\"width\":93,\"height\":90,\"caption\":\"Hotel da M\u00fasica\"},\"image\":{\"@id\":\"https:\/\/www.hoteldamusica.com\/fr\/#\/schema\/logo\/image\/\"},\"sameAs\":[\"https:\/\/www.facebook.com\/HoteldaMusica\/\",\"https:\/\/www.linkedin.com\/company\/hoti-hoteis\/\"]}]}<\/script>\n<!-- \/ Yoast SEO plugin. -->","yoast_head_json":{"title":"Porto - Hotel da M\u00fasica","description":"Hotel no Porto com localiza\u00e7\u00e3o privilegiada. Melhor pre\u00e7o. Consulte as nossas promo\u00e7\u00f5es e vantagens. Desfrute da sua estadia.","robots":{"index":"index","follow":"follow","max-snippet":"max-snippet:-1","max-image-preview":"max-image-preview:large","max-video-preview":"max-video-preview:-1"},"canonical":"https:\/\/www.hoteldamusica.com\/fr\/porto\/","og_locale":"fr_FR","og_type":"article","og_title":"Porto - Hotel da M\u00fasica","og_description":"Hotel no Porto com localiza\u00e7\u00e3o privilegiada. Melhor pre\u00e7o. Consulte as nossas promo\u00e7\u00f5es e vantagens. Desfrute da sua estadia.","og_url":"https:\/\/www.hoteldamusica.com\/fr\/porto\/","og_site_name":"Hotel da M\u00fasica","article_publisher":"https:\/\/www.facebook.com\/HoteldaMusica\/","article_modified_time":"2024-08-21T17:28:53+00:00","og_image":[{"url":"https:\/\/www.hoteldamusica.com\/wp-content\/uploads\/sites\/28\/2024\/07\/Tryp_Porto_Centro_Gastronomia-150x150.jpg","type":"","width":"","height":""}],"twitter_card":"summary_large_image","twitter_misc":{"Dur\u00e9e de lecture estim\u00e9e":"7 minutes"},"schema":{"@context":"https:\/\/schema.org","@graph":[{"@type":"WebPage","@id":"https:\/\/www.hoteldamusica.com\/fr\/porto\/","url":"https:\/\/www.hoteldamusica.com\/fr\/porto\/","name":"Porto - Hotel da M\u00fasica","isPartOf":{"@id":"https:\/\/www.hoteldamusica.com\/fr\/#website"},"primaryImageOfPage":{"@id":"https:\/\/www.hoteldamusica.com\/fr\/porto\/#primaryimage"},"image":{"@id":"https:\/\/www.hoteldamusica.com\/fr\/porto\/#primaryimage"},"thumbnailUrl":"https:\/\/www.hoteldamusica.com\/wp-content\/uploads\/sites\/28\/2024\/07\/Tryp_Porto_Centro_Gastronomia-150x150.jpg","datePublished":"2023-12-19T12:17:38+00:00","dateModified":"2024-08-21T17:28:53+00:00","description":"Hotel no Porto com localiza\u00e7\u00e3o privilegiada. Melhor pre\u00e7o. Consulte as nossas promo\u00e7\u00f5es e vantagens. Desfrute da sua estadia.","breadcrumb":{"@id":"https:\/\/www.hoteldamusica.com\/fr\/porto\/#breadcrumb"},"inLanguage":"fr-FR","potentialAction":[{"@type":"ReadAction","target":["https:\/\/www.hoteldamusica.com\/fr\/porto\/"]}]},{"@type":"ImageObject","inLanguage":"fr-FR","@id":"https:\/\/www.hoteldamusica.com\/fr\/porto\/#primaryimage","url":"https:\/\/www.hoteldamusica.com\/wp-content\/uploads\/sites\/28\/2024\/07\/Tryp_Porto_Centro_Gastronomia-150x150.jpg","contentUrl":"https:\/\/www.hoteldamusica.com\/wp-content\/uploads\/sites\/28\/2024\/07\/Tryp_Porto_Centro_Gastronomia-150x150.jpg"},{"@type":"BreadcrumbList","@id":"https:\/\/www.hoteldamusica.com\/fr\/porto\/#breadcrumb","itemListElement":[{"@type":"ListItem","position":1,"name":"In\u00edcio","item":"https:\/\/www.hoteldamusica.com\/fr\/"},{"@type":"ListItem","position":2,"name":"Porto"}]},{"@type":"WebSite","@id":"https:\/\/www.hoteldamusica.com\/fr\/#website","url":"https:\/\/www.hoteldamusica.com\/fr\/","name":"Hotel da M\u00fasica","description":"Hotel no Porto com localiza\u00e7\u00e3o privilegiada. Melhor pre\u00e7o. Consulte as nossas promo\u00e7\u00f5es e vantagens. Desfrute da sua estadia.","publisher":{"@id":"https:\/\/www.hoteldamusica.com\/fr\/#organization"},"potentialAction":[{"@type":"SearchAction","target":{"@type":"EntryPoint","urlTemplate":"https:\/\/www.hoteldamusica.com\/fr\/?s={search_term_string}"},"query-input":{"@type":"PropertyValueSpecification","valueRequired":true,"valueName":"search_term_string"}}],"inLanguage":"fr-FR"},{"@type":"Organization","@id":"https:\/\/www.hoteldamusica.com\/fr\/#organization","name":"Hotel da M\u00fasica","alternateName":"Hotel da M\u00fasica","url":"https:\/\/www.hoteldamusica.com\/fr\/","logo":{"@type":"ImageObject","inLanguage":"fr-FR","@id":"https:\/\/www.hoteldamusica.com\/fr\/#\/schema\/logo\/image\/","url":"https:\/\/www.hoteldamusica.com\/wp-content\/uploads\/sites\/28\/2023\/11\/HotelDaMusica_Logo.png","contentUrl":"https:\/\/www.hoteldamusica.com\/wp-content\/uploads\/sites\/28\/2023\/11\/HotelDaMusica_Logo.png","width":93,"height":90,"caption":"Hotel da M\u00fasica"},"image":{"@id":"https:\/\/www.hoteldamusica.com\/fr\/#\/schema\/logo\/image\/"},"sameAs":["https:\/\/www.facebook.com\/HoteldaMusica\/","https:\/\/www.linkedin.com\/company\/hoti-hoteis\/"]}]}},"_links":{"self":[{"href":"https:\/\/www.hoteldamusica.com\/fr\/wp-json\/wp\/v2\/pages\/8049","targetHints":{"allow":["GET"]}}],"collection":[{"href":"https:\/\/www.hoteldamusica.com\/fr\/wp-json\/wp\/v2\/pages"}],"about":[{"href":"https:\/\/www.hoteldamusica.com\/fr\/wp-json\/wp\/v2\/types\/page"}],"author":[{"embeddable":true,"href":"https:\/\/www.hoteldamusica.com\/fr\/wp-json\/wp\/v2\/users\/1"}],"replies":[{"embeddable":true,"href":"https:\/\/www.hoteldamusica.com\/fr\/wp-json\/wp\/v2\/comments?post=8049"}],"version-history":[{"count":10,"href":"https:\/\/www.hoteldamusica.com\/fr\/wp-json\/wp\/v2\/pages\/8049\/revisions"}],"predecessor-version":[{"id":22977,"href":"https:\/\/www.hoteldamusica.com\/fr\/wp-json\/wp\/v2\/pages\/8049\/revisions\/22977"}],"wp:attachment":[{"href":"https:\/\/www.hoteldamusica.com\/fr\/wp-json\/wp\/v2\/media?parent=8049"}],"curies":[{"name":"wp","href":"https:\/\/api.w.org\/{rel}","templated":true}]}}